{"id":54,"date":"2016-09-28T16:59:55","date_gmt":"2016-09-28T16:59:55","guid":{"rendered":"https:\/\/encostadostuneis.com\/?page_id=54"},"modified":"2018-03-16T17:04:08","modified_gmt":"2018-03-16T17:04:08","slug":"serra-do-arestal","status":"publish","type":"page","link":"https:\/\/encostadostuneis.com\/fr\/explorar\/serra-do-arestal\/","title":{"rendered":"For\u00eat Arestal"},"content":{"rendered":"<p><\/p>\n<p>Avec environ 830 m\u00e8tres d\u2019altitude, la Serra s\u2019allonge de Sever do Vouga a Vale de Cambra. Elle fait partie du Massif Gralheira avec la Serra da Arada et la Serra da Freita.<\/p>\n<p>Ici, le paysage environnant est domin\u00e9 par les vertes collines m\u00e9lang\u00e9es au bleu de la mer au-del\u00e0 de la c\u00f4te de la lagune d\u2019Aveiro, que l\u2019on peut voir \u00e0 l\u2019horizon, les jours de visibilit\u00e9 parfaite.<\/p>\n<p>Toujours dans la Serra do Arestal vous devriez visiter la grande Roche Inscrite, partie d\u2019un groupe populairement connu comme Fourneau des Maures, dont l\u2019origine remonte, probablement, \u00e0 l\u2019\u00e2ge du bronze.<\/p>\n<p>Cette pierre fait face au versant ouest de la Sierra et mesure environ 5 m\u00e8tres de long et 2 de large. Sa surface comporte des alv\u00e9oles, des cercles et demi-cercles, des arcs. Elle est en quelque sorte, patrimoine \u00ab\u00a0d\u2019int\u00e9r\u00eat public\u00bb.<\/p>\n<p><\/p>","protected":false},"excerpt":{"rendered":"<p>Avec environ 830 m\u00e8tres d\u2019altitude, la Serra s\u2019allonge de Sever do Vouga a Vale de Cambra. Elle fait partie du Massif Gralheira avec la Serra da Arada et la Serra da Freita. Ici, le paysage environnant est domin\u00e9 par les vertes collines m\u00e9lang\u00e9es au bleu de la mer au-del\u00e0 de la c\u00f4te de la lagune [&hellip;]<\/p>\n","protected":false},"author":1,"featured_media":353,"parent":9,"menu_order":14,"comment_status":"closed","ping_status":"closed","template":"page-child-pages.php","meta":{"_acf_changed":false,"footnotes":""},"class_list":["post-54","page","type-page","status-publish","has-post-thumbnail","hentry"],"acf":[],"yoast_head":"<!-- This site is optimized with the Yoast SEO plugin v27.2 - https:\/\/yoast.com\/product\/yoast-seo-wordpress\/ -->\n<title>For\u00eat Arestal - Encosta dos T\u00faneis<\/title>\n<meta name=\"robots\" content=\"index, follow, max-snippet:-1, max-image-preview:large, max-video-preview:-1\" \/>\n<link rel=\"canonical\" href=\"https:\/\/encostadostuneis.com\/fr\/explorar\/serra-do-arestal\/\" \/>\n<meta property=\"og:locale\" content=\"fr_FR\" \/>\n<meta property=\"og:type\" content=\"article\" \/>\n<meta property=\"og:title\" content=\"For\u00eat Arestal - Encosta dos T\u00faneis\" \/>\n<meta property=\"og:description\" content=\"Avec environ 830 m\u00e8tres d\u2019altitude, la Serra s\u2019allonge de Sever do Vouga a Vale de Cambra. Elle fait partie du Massif Gralheira avec la Serra da Arada et la Serra da Freita. Ici, le paysage environnant est domin\u00e9 par les vertes collines m\u00e9lang\u00e9es au bleu de la mer au-del\u00e0 de la c\u00f4te de la lagune [&hellip;]\" \/>\n<meta property=\"og:url\" content=\"https:\/\/encostadostuneis.com\/fr\/explorar\/serra-do-arestal\/\" \/>\n<meta property=\"og:site_name\" content=\"Encosta dos T\u00faneis\" \/>\n<meta property=\"article:publisher\" content=\"https:\/\/www.facebook.com\/encostadostuneis\/\" \/>\n<meta property=\"article:modified_time\" content=\"2018-03-16T17:04:08+00:00\" \/>\n<meta property=\"og:image\" content=\"https:\/\/encostadostuneis.com\/wp-content\/uploads\/2016\/09\/serra.jpg\" \/>\n\t<meta property=\"og:image:width\" content=\"650\" \/>\n\t<meta property=\"og:image:height\" content=\"650\" \/>\n\t<meta property=\"og:image:type\" content=\"image\/jpeg\" \/>\n<meta name=\"twitter:card\" content=\"summary_large_image\" \/>\n<meta name=\"twitter:label1\" content=\"Dur\u00e9e de lecture estim\u00e9e\" \/>\n\t<meta name=\"twitter:data1\" content=\"2 minutes\" \/>\n<script type=\"application\/ld+json\" class=\"yoast-schema-graph\">{\"@context\":\"https:\/\/schema.org\",\"@graph\":[{\"@type\":\"WebPage\",\"@id\":\"https:\/\/encostadostuneis.com\/fr\/explorar\/serra-do-arestal\/\",\"url\":\"https:\/\/encostadostuneis.com\/fr\/explorar\/serra-do-arestal\/\",\"name\":\"For\u00eat Arestal - Encosta dos T\u00faneis\",\"isPartOf\":{\"@id\":\"https:\/\/encostadostuneis.com\/fr\/#website\"},\"primaryImageOfPage\":{\"@id\":\"https:\/\/encostadostuneis.com\/fr\/explorar\/serra-do-arestal\/#primaryimage\"},\"image\":{\"@id\":\"https:\/\/encostadostuneis.com\/explorar\/serra-do-arestal\/#primaryimage\"},\"thumbnailUrl\":\"https:\/\/encostadostuneis.com\/wp-content\/uploads\/2016\/09\/serra.jpg\",\"datePublished\":\"2016-09-28T16:59:55+00:00\",\"dateModified\":\"2018-03-16T17:04:08+00:00\",\"breadcrumb\":{\"@id\":\"https:\/\/encostadostuneis.com\/fr\/explorar\/serra-do-arestal\/#breadcrumb\"},\"inLanguage\":\"fr-FR\",\"potentialAction\":[{\"@type\":\"ReadAction\",\"target\":[\"https:\/\/encostadostuneis.com\/fr\/wp-json\/wp\/v2\/pages\/54\"]}]},{\"@type\":\"ImageObject\",\"inLanguage\":\"fr-FR\",\"@id\":\"https:\/\/encostadostuneis.com\/fr\/explorar\/serra-do-arestal\/#primaryimage\",\"url\":\"https:\/\/encostadostuneis.com\/wp-content\/uploads\/2016\/09\/serra.jpg\",\"contentUrl\":\"https:\/\/encostadostuneis.com\/wp-content\/uploads\/2016\/09\/serra.jpg\",\"width\":650,\"height\":650},{\"@type\":\"BreadcrumbList\",\"@id\":\"https:\/\/encostadostuneis.com\/fr\/explorar\/serra-do-arestal\/#breadcrumb\",\"itemListElement\":[{\"@type\":\"ListItem\",\"position\":1,\"name\":\"In\u00edcio\",\"item\":\"https:\/\/encostadostuneis.com\/fr\/\"},{\"@type\":\"ListItem\",\"position\":2,\"name\":\"EXPLORAR\",\"item\":\"https:\/\/encostadostuneis.com\/fr\/explorar\/\"},{\"@type\":\"ListItem\",\"position\":3,\"name\":\"Serra do Arestal\"}]},{\"@type\":\"WebSite\",\"@id\":\"https:\/\/encostadostuneis.com\/fr\/#website\",\"url\":\"https:\/\/encostadostuneis.com\/fr\/\",\"name\":\"Encosta dos T\u00faneis\",\"description\":\"Entre a serra e o rio, o bem estar reside aqui.\",\"potentialAction\":[{\"@type\":\"SearchAction\",\"target\":{\"@type\":\"EntryPoint\",\"urlTemplate\":\"https:\/\/encostadostuneis.com\/fr\/?s={search_term_string}\"},\"query-input\":{\"@type\":\"PropertyValueSpecification\",\"valueRequired\":true,\"valueName\":\"search_term_string\"}}],\"inLanguage\":\"fr-FR\"}]}<\/script>\n<!-- \/ Yoast SEO plugin. -->","yoast_head_json":{"title":"For\u00eat Arestal - Encosta dos T\u00faneis","robots":{"index":"index","follow":"follow","max-snippet":"max-snippet:-1","max-image-preview":"max-image-preview:large","max-video-preview":"max-video-preview:-1"},"canonical":"https:\/\/encostadostuneis.com\/fr\/explorar\/serra-do-arestal\/","og_locale":"fr_FR","og_type":"article","og_title":"For\u00eat Arestal - Encosta dos T\u00faneis","og_description":"Avec environ 830 m\u00e8tres d\u2019altitude, la Serra s\u2019allonge de Sever do Vouga a Vale de Cambra. Elle fait partie du Massif Gralheira avec la Serra da Arada et la Serra da Freita. Ici, le paysage environnant est domin\u00e9 par les vertes collines m\u00e9lang\u00e9es au bleu de la mer au-del\u00e0 de la c\u00f4te de la lagune [&hellip;]","og_url":"https:\/\/encostadostuneis.com\/fr\/explorar\/serra-do-arestal\/","og_site_name":"Encosta dos T\u00faneis","article_publisher":"https:\/\/www.facebook.com\/encostadostuneis\/","article_modified_time":"2018-03-16T17:04:08+00:00","og_image":[{"width":650,"height":650,"url":"https:\/\/encostadostuneis.com\/wp-content\/uploads\/2016\/09\/serra.jpg","type":"image\/jpeg"}],"twitter_card":"summary_large_image","twitter_misc":{"Dur\u00e9e de lecture estim\u00e9e":"2 minutes"},"schema":{"@context":"https:\/\/schema.org","@graph":[{"@type":"WebPage","@id":"https:\/\/encostadostuneis.com\/fr\/explorar\/serra-do-arestal\/","url":"https:\/\/encostadostuneis.com\/fr\/explorar\/serra-do-arestal\/","name":"For\u00eat Arestal - Encosta dos T\u00faneis","isPartOf":{"@id":"https:\/\/encostadostuneis.com\/fr\/#website"},"primaryImageOfPage":{"@id":"https:\/\/encostadostuneis.com\/fr\/explorar\/serra-do-arestal\/#primaryimage"},"image":{"@id":"https:\/\/encostadostuneis.com\/explorar\/serra-do-arestal\/#primaryimage"},"thumbnailUrl":"https:\/\/encostadostuneis.com\/wp-content\/uploads\/2016\/09\/serra.jpg","datePublished":"2016-09-28T16:59:55+00:00","dateModified":"2018-03-16T17:04:08+00:00","breadcrumb":{"@id":"https:\/\/encostadostuneis.com\/fr\/explorar\/serra-do-arestal\/#breadcrumb"},"inLanguage":"fr-FR","potentialAction":[{"@type":"ReadAction","target":["https:\/\/encostadostuneis.com\/fr\/wp-json\/wp\/v2\/pages\/54"]}]},{"@type":"ImageObject","inLanguage":"fr-FR","@id":"https:\/\/encostadostuneis.com\/fr\/explorar\/serra-do-arestal\/#primaryimage","url":"https:\/\/encostadostuneis.com\/wp-content\/uploads\/2016\/09\/serra.jpg","contentUrl":"https:\/\/encostadostuneis.com\/wp-content\/uploads\/2016\/09\/serra.jpg","width":650,"height":650},{"@type":"BreadcrumbList","@id":"https:\/\/encostadostuneis.com\/fr\/explorar\/serra-do-arestal\/#breadcrumb","itemListElement":[{"@type":"ListItem","position":1,"name":"In\u00edcio","item":"https:\/\/encostadostuneis.com\/fr\/"},{"@type":"ListItem","position":2,"name":"EXPLORAR","item":"https:\/\/encostadostuneis.com\/fr\/explorar\/"},{"@type":"ListItem","position":3,"name":"Serra do Arestal"}]},{"@type":"WebSite","@id":"https:\/\/encostadostuneis.com\/fr\/#website","url":"https:\/\/encostadostuneis.com\/fr\/","name":"Encosta dos T\u00faneis","description":"Entre a serra e o rio, o bem estar reside aqui.","potentialAction":[{"@type":"SearchAction","target":{"@type":"EntryPoint","urlTemplate":"https:\/\/encostadostuneis.com\/fr\/?s={search_term_string}"},"query-input":{"@type":"PropertyValueSpecification","valueRequired":true,"valueName":"search_term_string"}}],"inLanguage":"fr-FR"}]}},"_links":{"self":[{"href":"https:\/\/encostadostuneis.com\/fr\/wp-json\/wp\/v2\/pages\/54","targetHints":{"allow":["GET"]}}],"collection":[{"href":"https:\/\/encostadostuneis.com\/fr\/wp-json\/wp\/v2\/pages"}],"about":[{"href":"https:\/\/encostadostuneis.com\/fr\/wp-json\/wp\/v2\/types\/page"}],"author":[{"embeddable":true,"href":"https:\/\/encostadostuneis.com\/fr\/wp-json\/wp\/v2\/users\/1"}],"replies":[{"embeddable":true,"href":"https:\/\/encostadostuneis.com\/fr\/wp-json\/wp\/v2\/comments?post=54"}],"version-history":[{"count":5,"href":"https:\/\/encostadostuneis.com\/fr\/wp-json\/wp\/v2\/pages\/54\/revisions"}],"predecessor-version":[{"id":572,"href":"https:\/\/encostadostuneis.com\/fr\/wp-json\/wp\/v2\/pages\/54\/revisions\/572"}],"up":[{"embeddable":true,"href":"https:\/\/encostadostuneis.com\/fr\/wp-json\/wp\/v2\/pages\/9"}],"wp:featuredmedia":[{"embeddable":true,"href":"https:\/\/encostadostuneis.com\/fr\/wp-json\/wp\/v2\/media\/353"}],"wp:attachment":[{"href":"https:\/\/encostadostuneis.com\/fr\/wp-json\/wp\/v2\/media?parent=54"}],"curies":[{"name":"wp","href":"https:\/\/api.w.org\/{rel}","templated":true}]}}