{"id":47,"date":"2016-09-28T16:59:10","date_gmt":"2016-09-28T16:59:10","guid":{"rendered":"https:\/\/encostadostuneis.com\/?page_id=47"},"modified":"2021-09-17T13:16:31","modified_gmt":"2021-09-17T13:16:31","slug":"ecopista-vale-do-vouga","status":"publish","type":"page","link":"https:\/\/encostadostuneis.com\/fr\/explorar\/ecopista-vale-do-vouga\/","title":{"rendered":"Ecotrail Vall\u00e9e du Vouga"},"content":{"rendered":"<p><\/p>\n<p>Consid\u00e9r\u00e9 par beaucoup l\u2019un des plus beaux Ecotrail au Portugal, le parcours correspond \u00e0 la vieille ligne ferroviaire qui reliait la ligne du Nord \u00e0 Espinho, et la ligne D\u00e3o \u00e0 Viseu, un parcours de 140 kilom\u00e8tres. A partir de la place de Foz, \u00e0 c\u00f4t\u00e9 de l\u2019embouchure du Rio Mau, l\u2019Ecotrail va vers le Nord parall\u00e8lement au Rio Vouga et EN16, traverse le pont Poco de Santiago \u2013 v\u00e9ritable \u0153uvre d\u2019architecture, passe le b\u00e2timent de l\u2019ancienne gare \u00e0 Paradela, et continue jusqu\u2019\u00e0 Fontelas, aux limites du comt\u00e9. Le parcours a une longueur de 10,384 m. Au km 4 de L\u2019Ecotrail, les visiteurs traversent notre ferme et d\u00e9couvrent rapidement la raison du nom \u201cEncosta dos Tuneis\u201d.<\/p>\n<p><\/p>","protected":false},"excerpt":{"rendered":"<p>Consid\u00e9r\u00e9 par beaucoup l\u2019un des plus beaux Ecotrail au Portugal, le parcours correspond \u00e0 la vieille ligne ferroviaire qui reliait la ligne du Nord \u00e0 Espinho, et la ligne D\u00e3o \u00e0 Viseu, un parcours de 140 kilom\u00e8tres. A partir de la place de Foz, \u00e0 c\u00f4t\u00e9 de l\u2019embouchure du Rio Mau, l\u2019Ecotrail va vers le [&hellip;]<\/p>\n","protected":false},"author":1,"featured_media":351,"parent":9,"menu_order":11,"comment_status":"closed","ping_status":"closed","template":"page-child-pages.php","meta":{"_acf_changed":false,"footnotes":""},"class_list":["post-47","page","type-page","status-publish","has-post-thumbnail","hentry"],"acf":[],"yoast_head":"<!-- This site is optimized with the Yoast SEO plugin v27.2 - https:\/\/yoast.com\/product\/yoast-seo-wordpress\/ -->\n<title>Ecotrail Vall\u00e9e du Vouga - Encosta dos T\u00faneis<\/title>\n<meta name=\"robots\" content=\"index, follow, max-snippet:-1, max-image-preview:large, max-video-preview:-1\" \/>\n<link rel=\"canonical\" href=\"https:\/\/encostadostuneis.com\/fr\/explorar\/ecopista-vale-do-vouga\/\" \/>\n<meta property=\"og:locale\" content=\"fr_FR\" \/>\n<meta property=\"og:type\" content=\"article\" \/>\n<meta property=\"og:title\" content=\"Ecotrail Vall\u00e9e du Vouga - Encosta dos T\u00faneis\" \/>\n<meta property=\"og:description\" content=\"Consid\u00e9r\u00e9 par beaucoup l\u2019un des plus beaux Ecotrail au Portugal, le parcours correspond \u00e0 la vieille ligne ferroviaire qui reliait la ligne du Nord \u00e0 Espinho, et la ligne D\u00e3o \u00e0 Viseu, un parcours de 140 kilom\u00e8tres. A partir de la place de Foz, \u00e0 c\u00f4t\u00e9 de l\u2019embouchure du Rio Mau, l\u2019Ecotrail va vers le [&hellip;]\" \/>\n<meta property=\"og:url\" content=\"https:\/\/encostadostuneis.com\/fr\/explorar\/ecopista-vale-do-vouga\/\" \/>\n<meta property=\"og:site_name\" content=\"Encosta dos T\u00faneis\" \/>\n<meta property=\"article:publisher\" content=\"https:\/\/www.facebook.com\/encostadostuneis\/\" \/>\n<meta property=\"article:modified_time\" content=\"2021-09-17T13:16:31+00:00\" \/>\n<meta property=\"og:image\" content=\"https:\/\/encostadostuneis.com\/wp-content\/uploads\/2016\/09\/ecopista.jpg\" \/>\n\t<meta property=\"og:image:width\" content=\"650\" \/>\n\t<meta property=\"og:image:height\" content=\"650\" \/>\n\t<meta property=\"og:image:type\" content=\"image\/jpeg\" \/>\n<meta name=\"twitter:card\" content=\"summary_large_image\" \/>\n<meta name=\"twitter:label1\" content=\"Dur\u00e9e de lecture estim\u00e9e\" \/>\n\t<meta name=\"twitter:data1\" content=\"2 minutes\" \/>\n<script type=\"application\/ld+json\" class=\"yoast-schema-graph\">{\"@context\":\"https:\/\/schema.org\",\"@graph\":[{\"@type\":\"WebPage\",\"@id\":\"https:\/\/encostadostuneis.com\/fr\/explorar\/ecopista-vale-do-vouga\/\",\"url\":\"https:\/\/encostadostuneis.com\/fr\/explorar\/ecopista-vale-do-vouga\/\",\"name\":\"Ecotrail Vall\u00e9e du Vouga - Encosta dos T\u00faneis\",\"isPartOf\":{\"@id\":\"https:\/\/encostadostuneis.com\/fr\/#website\"},\"primaryImageOfPage\":{\"@id\":\"https:\/\/encostadostuneis.com\/fr\/explorar\/ecopista-vale-do-vouga\/#primaryimage\"},\"image\":{\"@id\":\"https:\/\/encostadostuneis.com\/explorar\/ecopista-vale-do-vouga\/#primaryimage\"},\"thumbnailUrl\":\"https:\/\/encostadostuneis.com\/wp-content\/uploads\/2016\/09\/ecopista.jpg\",\"datePublished\":\"2016-09-28T16:59:10+00:00\",\"dateModified\":\"2021-09-17T13:16:31+00:00\",\"breadcrumb\":{\"@id\":\"https:\/\/encostadostuneis.com\/fr\/explorar\/ecopista-vale-do-vouga\/#breadcrumb\"},\"inLanguage\":\"fr-FR\",\"potentialAction\":[{\"@type\":\"ReadAction\",\"target\":[\"https:\/\/encostadostuneis.com\/fr\/wp-json\/wp\/v2\/pages\/47\"]}]},{\"@type\":\"ImageObject\",\"inLanguage\":\"fr-FR\",\"@id\":\"https:\/\/encostadostuneis.com\/fr\/explorar\/ecopista-vale-do-vouga\/#primaryimage\",\"url\":\"https:\/\/encostadostuneis.com\/wp-content\/uploads\/2016\/09\/ecopista.jpg\",\"contentUrl\":\"https:\/\/encostadostuneis.com\/wp-content\/uploads\/2016\/09\/ecopista.jpg\",\"width\":650,\"height\":650},{\"@type\":\"BreadcrumbList\",\"@id\":\"https:\/\/encostadostuneis.com\/fr\/explorar\/ecopista-vale-do-vouga\/#breadcrumb\",\"itemListElement\":[{\"@type\":\"ListItem\",\"position\":1,\"name\":\"In\u00edcio\",\"item\":\"https:\/\/encostadostuneis.com\/fr\/\"},{\"@type\":\"ListItem\",\"position\":2,\"name\":\"EXPLORAR\",\"item\":\"https:\/\/encostadostuneis.com\/fr\/explorar\/\"},{\"@type\":\"ListItem\",\"position\":3,\"name\":\"ECOPISTA VALE DO VOUGA\"}]},{\"@type\":\"WebSite\",\"@id\":\"https:\/\/encostadostuneis.com\/fr\/#website\",\"url\":\"https:\/\/encostadostuneis.com\/fr\/\",\"name\":\"Encosta dos T\u00faneis\",\"description\":\"Entre a serra e o rio, o bem estar reside aqui.\",\"potentialAction\":[{\"@type\":\"SearchAction\",\"target\":{\"@type\":\"EntryPoint\",\"urlTemplate\":\"https:\/\/encostadostuneis.com\/fr\/?s={search_term_string}\"},\"query-input\":{\"@type\":\"PropertyValueSpecification\",\"valueRequired\":true,\"valueName\":\"search_term_string\"}}],\"inLanguage\":\"fr-FR\"}]}<\/script>\n<!-- \/ Yoast SEO plugin. -->","yoast_head_json":{"title":"Ecotrail Vall\u00e9e du Vouga - Encosta dos T\u00faneis","robots":{"index":"index","follow":"follow","max-snippet":"max-snippet:-1","max-image-preview":"max-image-preview:large","max-video-preview":"max-video-preview:-1"},"canonical":"https:\/\/encostadostuneis.com\/fr\/explorar\/ecopista-vale-do-vouga\/","og_locale":"fr_FR","og_type":"article","og_title":"Ecotrail Vall\u00e9e du Vouga - Encosta dos T\u00faneis","og_description":"Consid\u00e9r\u00e9 par beaucoup l\u2019un des plus beaux Ecotrail au Portugal, le parcours correspond \u00e0 la vieille ligne ferroviaire qui reliait la ligne du Nord \u00e0 Espinho, et la ligne D\u00e3o \u00e0 Viseu, un parcours de 140 kilom\u00e8tres. A partir de la place de Foz, \u00e0 c\u00f4t\u00e9 de l\u2019embouchure du Rio Mau, l\u2019Ecotrail va vers le [&hellip;]","og_url":"https:\/\/encostadostuneis.com\/fr\/explorar\/ecopista-vale-do-vouga\/","og_site_name":"Encosta dos T\u00faneis","article_publisher":"https:\/\/www.facebook.com\/encostadostuneis\/","article_modified_time":"2021-09-17T13:16:31+00:00","og_image":[{"width":650,"height":650,"url":"https:\/\/encostadostuneis.com\/wp-content\/uploads\/2016\/09\/ecopista.jpg","type":"image\/jpeg"}],"twitter_card":"summary_large_image","twitter_misc":{"Dur\u00e9e de lecture estim\u00e9e":"2 minutes"},"schema":{"@context":"https:\/\/schema.org","@graph":[{"@type":"WebPage","@id":"https:\/\/encostadostuneis.com\/fr\/explorar\/ecopista-vale-do-vouga\/","url":"https:\/\/encostadostuneis.com\/fr\/explorar\/ecopista-vale-do-vouga\/","name":"Ecotrail Vall\u00e9e du Vouga - Encosta dos T\u00faneis","isPartOf":{"@id":"https:\/\/encostadostuneis.com\/fr\/#website"},"primaryImageOfPage":{"@id":"https:\/\/encostadostuneis.com\/fr\/explorar\/ecopista-vale-do-vouga\/#primaryimage"},"image":{"@id":"https:\/\/encostadostuneis.com\/explorar\/ecopista-vale-do-vouga\/#primaryimage"},"thumbnailUrl":"https:\/\/encostadostuneis.com\/wp-content\/uploads\/2016\/09\/ecopista.jpg","datePublished":"2016-09-28T16:59:10+00:00","dateModified":"2021-09-17T13:16:31+00:00","breadcrumb":{"@id":"https:\/\/encostadostuneis.com\/fr\/explorar\/ecopista-vale-do-vouga\/#breadcrumb"},"inLanguage":"fr-FR","potentialAction":[{"@type":"ReadAction","target":["https:\/\/encostadostuneis.com\/fr\/wp-json\/wp\/v2\/pages\/47"]}]},{"@type":"ImageObject","inLanguage":"fr-FR","@id":"https:\/\/encostadostuneis.com\/fr\/explorar\/ecopista-vale-do-vouga\/#primaryimage","url":"https:\/\/encostadostuneis.com\/wp-content\/uploads\/2016\/09\/ecopista.jpg","contentUrl":"https:\/\/encostadostuneis.com\/wp-content\/uploads\/2016\/09\/ecopista.jpg","width":650,"height":650},{"@type":"BreadcrumbList","@id":"https:\/\/encostadostuneis.com\/fr\/explorar\/ecopista-vale-do-vouga\/#breadcrumb","itemListElement":[{"@type":"ListItem","position":1,"name":"In\u00edcio","item":"https:\/\/encostadostuneis.com\/fr\/"},{"@type":"ListItem","position":2,"name":"EXPLORAR","item":"https:\/\/encostadostuneis.com\/fr\/explorar\/"},{"@type":"ListItem","position":3,"name":"ECOPISTA VALE DO VOUGA"}]},{"@type":"WebSite","@id":"https:\/\/encostadostuneis.com\/fr\/#website","url":"https:\/\/encostadostuneis.com\/fr\/","name":"Encosta dos T\u00faneis","description":"Entre a serra e o rio, o bem estar reside aqui.","potentialAction":[{"@type":"SearchAction","target":{"@type":"EntryPoint","urlTemplate":"https:\/\/encostadostuneis.com\/fr\/?s={search_term_string}"},"query-input":{"@type":"PropertyValueSpecification","valueRequired":true,"valueName":"search_term_string"}}],"inLanguage":"fr-FR"}]}},"_links":{"self":[{"href":"https:\/\/encostadostuneis.com\/fr\/wp-json\/wp\/v2\/pages\/47","targetHints":{"allow":["GET"]}}],"collection":[{"href":"https:\/\/encostadostuneis.com\/fr\/wp-json\/wp\/v2\/pages"}],"about":[{"href":"https:\/\/encostadostuneis.com\/fr\/wp-json\/wp\/v2\/types\/page"}],"author":[{"embeddable":true,"href":"https:\/\/encostadostuneis.com\/fr\/wp-json\/wp\/v2\/users\/1"}],"replies":[{"embeddable":true,"href":"https:\/\/encostadostuneis.com\/fr\/wp-json\/wp\/v2\/comments?post=47"}],"version-history":[{"count":5,"href":"https:\/\/encostadostuneis.com\/fr\/wp-json\/wp\/v2\/pages\/47\/revisions"}],"predecessor-version":[{"id":812,"href":"https:\/\/encostadostuneis.com\/fr\/wp-json\/wp\/v2\/pages\/47\/revisions\/812"}],"up":[{"embeddable":true,"href":"https:\/\/encostadostuneis.com\/fr\/wp-json\/wp\/v2\/pages\/9"}],"wp:featuredmedia":[{"embeddable":true,"href":"https:\/\/encostadostuneis.com\/fr\/wp-json\/wp\/v2\/media\/351"}],"wp:attachment":[{"href":"https:\/\/encostadostuneis.com\/fr\/wp-json\/wp\/v2\/media?parent=47"}],"curies":[{"name":"wp","href":"https:\/\/api.w.org\/{rel}","templated":true}]}}