{"version":"1.0","provider_name":"Encosta dos T\u00faneis","provider_url":"https:\/\/encostadostuneis.com\/fr","author_name":"admin","author_url":"https:\/\/encostadostuneis.com\/fr\/author\/admin\/","title":"For\u00eat Arestal - Encosta dos T\u00faneis","type":"rich","width":600,"height":338,"html":"<blockquote class=\"wp-embedded-content\" data-secret=\"Mv7olj9F0b\"><a href=\"https:\/\/encostadostuneis.com\/fr\/explorar\/serra-do-arestal\/\">For\u00eat Arestal<\/a><\/blockquote><iframe sandbox=\"allow-scripts\" security=\"restricted\" src=\"https:\/\/encostadostuneis.com\/fr\/explorar\/serra-do-arestal\/embed\/#?secret=Mv7olj9F0b\" width=\"600\" height=\"338\" title=\"\u00ab\u00a0For\u00eat Arestal\u00a0\u00bb &#8212; Encosta dos T\u00faneis\" data-secret=\"Mv7olj9F0b\" frameborder=\"0\" marginwidth=\"0\" marginheight=\"0\" scrolling=\"no\" class=\"wp-embedded-content\"><\/iframe><script type=\"text\/javascript\">\n\/* <![CDATA[ *\/\n\/*! This file is auto-generated *\/\n!function(d,l){\"use strict\";l.querySelector&&d.addEventListener&&\"undefined\"!=typeof URL&&(d.wp=d.wp||{},d.wp.receiveEmbedMessage||(d.wp.receiveEmbedMessage=function(e){var t=e.data;if((t||t.secret||t.message||t.value)&&!\/[^a-zA-Z0-9]\/.test(t.secret)){for(var s,r,n,a=l.querySelectorAll('iframe[data-secret=\"'+t.secret+'\"]'),o=l.querySelectorAll('blockquote[data-secret=\"'+t.secret+'\"]'),c=new RegExp(\"^https?:$\",\"i\"),i=0;i<o.length;i++)o[i].style.display=\"none\";for(i=0;i<a.length;i++)s=a[i],e.source===s.contentWindow&&(s.removeAttribute(\"style\"),\"height\"===t.message?(1e3<(r=parseInt(t.value,10))?r=1e3:~~r<200&&(r=200),s.height=r):\"link\"===t.message&&(r=new URL(s.getAttribute(\"src\")),n=new URL(t.value),c.test(n.protocol))&&n.host===r.host&&l.activeElement===s&&(d.top.location.href=t.value))}},d.addEventListener(\"message\",d.wp.receiveEmbedMessage,!1),l.addEventListener(\"DOMContentLoaded\",function(){for(var e,t,s=l.querySelectorAll(\"iframe.wp-embedded-content\"),r=0;r<s.length;r++)(t=(e=s[r]).getAttribute(\"data-secret\"))||(t=Math.random().toString(36).substring(2,12),e.src+=\"#?secret=\"+t,e.setAttribute(\"data-secret\",t)),e.contentWindow.postMessage({message:\"ready\",secret:t},\"*\")},!1)))}(window,document);\n\/\/# sourceURL=https:\/\/encostadostuneis.com\/wp-includes\/js\/wp-embed.min.js\n\/* ]]> *\/\n<\/script>\n","thumbnail_url":"https:\/\/encostadostuneis.com\/wp-content\/uploads\/2016\/09\/serra.jpg","thumbnail_width":650,"thumbnail_height":650,"description":"Avec environ 830 m\u00e8tres d\u2019altitude, la Serra s\u2019allonge de Sever do Vouga a Vale de Cambra. Elle fait partie du Massif Gralheira avec la Serra da Arada et la Serra da Freita. Ici, le paysage environnant est domin\u00e9 par les vertes collines m\u00e9lang\u00e9es au bleu de la mer au-del\u00e0 de la c\u00f4te de la lagune [&hellip;]"}